{"id":382,"date":"2011-02-03T20:31:38","date_gmt":"2011-02-03T19:31:38","guid":{"rendered":"http:\/\/praxis-neumann.net\/?page_id=382"},"modified":"2016-10-17T20:59:06","modified_gmt":"2016-10-17T19:59:06","slug":"vortrage","status":"publish","type":"page","link":"https:\/\/praxis-neumann.net\/?page_id=382","title":{"rendered":"Vortr\u00e4ge"},"content":{"rendered":"<p><span style=\"color: #ff0000;\"> <\/span><\/p>\n<p><span style=\"color: #800080;\"><strong>Im Fr\u00fchjahrssemester 2017 halte ich wieder Vortr\u00e4ge an mehreren <strong>Volkshochschulen<\/strong> !<\/strong><\/span><\/p>\n<p><span style=\"color: #800080;\"><strong>Die<\/strong><\/span><span style=\"color: #800080;\"><strong><span style=\"color: #800080;\"><strong> Themen und<\/strong><\/span> Termine dazu sind im Folgenden aufgelistet:<\/strong><\/span><\/p>\n<p><span style=\"color: #800080;\"> <\/span><\/p>\n<p><strong><br \/>\n<\/strong><\/p>\n<p><span style=\"color: #800080;\"><strong>\u201eDarm: H\u00fcter der Gesundheit\u201c<\/strong><\/span><\/p>\n<p>Der Darm hat oft die Schl\u00fcsselposition bei der Entstehung von chronischen Erkrankungen. Somit ist die Behandlung des Darms bei vielen Erkrankungen wie Allergien, Hauterkrankungen, Nahrungsmittelunvertr\u00e4glichkeiten, Immunschw\u00e4che, Autoimmunerkrankungen und allen Verdauungsbeschwerden unerl\u00e4sslich. In diesem Vortrag erl\u00e4utere ich die Bedeutung einer gesunden Darmflora, sowie die Ursachen einer Fehlbesiedlung des Darms mit krankmachenden Bakterien und Pilzen. Die entsprechenden Auswirkungen auf den gesamten K\u00f6rper, Zusammenh\u00e4nge mit der Ern\u00e4hrung, Entgiftung und die naturheilkundliche Behandlung mittels Darmsanierung werden ebenfalls ausf\u00fchrlich und verst\u00e4ndlich erkl\u00e4rt.<\/p>\n<p><span style=\"color: #ff0000;\"><strong> <\/strong><\/span><\/p>\n<p>Am<strong> 11. Februar<\/strong> von 19:15 Uhr bis 21:30 Uhr in der<strong> VHS Kellinghusen <\/strong>(bitte direkt dort anmelden)<\/p>\n<p>Am <strong>22. Februar<\/strong> <strong>2016 <\/strong>von 19:30 Uhr bis 21:45 Uhr in der <strong>VHS Tornesch <\/strong>(bitte direkt dort anmelden)<\/p>\n<p>Am<strong> 25. Februar<\/strong> <strong>2016 <\/strong>von 19:15 Uhr bis 21:15 Uhr in der<strong> VHS Elmshorn <\/strong>(bitte direkt dort anmelden)<\/p>\n<p>Am<strong> 07. M\u00e4rz 2016<\/strong> von 19:15 Uhr bis 21:30 Uhr in der<strong> VHS Barmstedt<\/strong> (bitte direkt dort anmelden)<\/p>\n<p>Am<strong> 14<strong>. M\u00e4rz 2016<\/strong><\/strong> von 19:15 Uhr bis 21:30 Uhr in der<strong> VHS Itzehoe <\/strong>(bitte direkt dort anmelden)<\/p>\n<p><span style=\"color: #800080;\">\u201e<span style=\"font-family: Arial,sans-serif;\"><span style=\"font-size: medium;\"><strong>Fr\u00fchjahrsentgiftung ohne Fasten\u201c<\/strong><\/span><\/span><\/span><\/p>\n<p><span style=\"font-family: Arial,sans-serif;\">Dieser Vortrag richtet sich nicht nur an chronisch Kranke, sondern auch an alle die vorbeugend etwas f\u00fcr ihre Gesundheit tun m\u00f6chten. Viele verbinden mit dem Thema \u201eEntgiftung\u201c das Fasten. Das ist zwar generell nicht schlecht, aber nicht f\u00fcr jeden der richtige Weg. Ziel in einer Entgiftungskur ist es die Ausleitungsorgane anzuregen und bestimmte Stoffe, die sich eingelagert haben zu mobilisieren und auszuscheiden. In diesem Vortrag erl\u00e4utere ich einfache Alternativen mit hom\u00f6opathischen und pflanzlichen Mitteln, die den K\u00f6rper in seiner Entgiftungsfunktion unterst\u00fctzen sollen unter Einbeziehung des S\u00e4ure-Basen-Haushalts. Was bei einer Entgiftung zu beachten ist, was  passieren kann, welche Kontraindikationen es gibt und was beim Trinken das Wichtigste ist werde ich ebenfalls an diesem Abend verst\u00e4ndlich und ausf\u00fchrlich erl\u00e4utern. <\/span><\/p>\n<p><span style=\"font-family: Arial,sans-serif;\">Am <strong>25. Januar 2016<\/strong> von 19:30 Uhr bis 21:30 Uhr in der <strong>VHS Kellinghusen <\/strong>(bitte direkt dort anmelden)<\/span><\/p>\n<p><span style=\"font-family: Arial,sans-serif;\">Am<strong> 28. Januar 2016<\/strong> von 19:15 Uhr bis 21:15 Uhr in der<strong> VHS Elmshorn <\/strong>(bitte direkt dort anmelden)<\/span><\/p>\n<p><span style=\"font-family: Arial,sans-serif;\">Am<strong> 8. Februar 2016<\/strong> von 19:15 Uhr bis 21:30 Uhr in der<strong> VHS Itzehoe <\/strong>(bitte direkt dort anmelden)<\/span><\/p>\n<p><span style=\"font-family: Arial,sans-serif;\"> <\/span><\/p>\n<p><span style=\"font-family: Arial,sans-serif;\">Am\u00a0 <strong>22. Februar<\/strong> <strong>2016 <\/strong>von 19:30 Uhr bis 21:45 Uhr in der <strong>VHS Tornesch <\/strong>(bitte direkt dort anmelden)<\/span><\/p>\n<p><span style=\"font-family: Arial,sans-serif;\">Am<strong> 29. Februar 2016<\/strong> von 19:15 Uhr bis 21:30 Uhr in der<strong> VHS Hohenlockstedt <\/strong>(bitte direkt dort anmelden)<\/span><\/p>\n<p><span style=\"font-family: Arial,sans-serif;\">Am <strong>03. M\u00e4rz 2016<\/strong> von 19:15 Uhr bis 21:30 Uhr in der <strong>VHS Gl\u00fcckstadt <\/strong>(bitte direkt dort anmelden)<\/span><\/p>\n<p><span style=\"font-family: Arial,sans-serif;\">Im<strong> <strong>10. M\u00e4rz 2016<\/strong><\/strong> von 19:15 Uhr bis 21:15 Uhr in der<strong> VHS Horst<\/strong> (bitte direkt dort anmelden)<\/span><\/p>\n<p><span style=\"font-family: Arial,sans-serif;\"> <\/span><\/p>\n<p>Am <strong>17. M\u00e4rz 2016<\/strong> von 19:15 Uhr bis 21:30 Uhr in der <strong>VHS Alveslohe <\/strong>(bitte direkt dort anmelden)<\/p>\n<p><strong>NEU!\u00a0\u00a0 Burnout? &#8211; M\u00fcdigkeit? &#8211; Ersch\u00f6pfung?<\/strong><\/p>\n<p>Stress k\u00f6nnen wir heutzutage nicht immer vermeiden. In diesem Vortrag geht es allerdings nicht um n\u00fctzliche Entspannungstechniken oder Stressvermeidungsstrategien, sondern ich stelle Ihnen ein paar bew\u00e4hrte  naturheilkundliche Mittel vor, die erstens mehr Energie geben und  zweitens die Stresstoleranz erh\u00f6hen.<\/p>\n<p>Es wird die Frage gekl\u00e4rt, was eigentlich bei  Stress im K\u00f6rper passiert und wie Sie wieder auf nat\u00fcrliche Weise zu  Ihrer inneren Balance finden und damit wieder zu mehr Belastbarkeit und  innerer Kraft. Welche Anzeichen auf Burnout hindeuten und wie man seine  k\u00f6rperliche und geistige Leistungsf\u00e4higkeit wieder erh\u00f6hen  kann, wird ebenfalls verst\u00e4ndlich erkl\u00e4rt. Ziel ist es, die t\u00e4glichen  Anforderungen wieder besser bew\u00e4ltigen zu k\u00f6nnen.<\/p>\n<p><em>(Derzeit sind keine Termine geplant. Bei Interesse melden Sie sich gerne bei mir)<\/em><\/p>\n<p><em> <\/em><\/p>\n<p><span style=\"color: #ff0000;\"><strong> <\/strong><\/span><\/p>\n<p><span style=\"color: #ff0000;\"><strong> <\/strong><\/span><span style=\"color: #ff0000;\"><strong> <\/strong><\/span><\/p>\n<p><span style=\"color: #800080;\"><strong><span style=\"color: #ff0000;\"> <\/span>&#8222;Blutegeltherapie &#8211; Kleine Helfer mit Biss&#8220;<br \/>\n<\/strong><\/span><\/p>\n<p>Nach dem anf\u00e4glichen Ekel kam die Begeisterung f\u00fcr diese alte Therapieform<strong>. <\/strong>An diesem Abend berichte ich von meinen Praxiserfahrungen beim Einsatz von Blutegeln\u00a0 <span style=\"font-family: Arial,sans-serif;\">z.B. zur Schmerzlinderung bei Nervenschmerzen, Polyneuropathien, Arthritis, Wirbels\u00e4ulenbeschwerden, Zerrungen, Verstauchungen oder Narbenbeschwerden, w<span style=\"color: #000000;\">egen der besseren Durchblutung bei starken und schmerzhaften muskul\u00e4ren Verspannungen, bei sch<\/span>merzhafter Arthrose (dar\u00fcber gibt es inzwischen auch eine Studie), Krampfadern, Besenreisern, Migr\u00e4ne, Bluthochdruck, Tinnitus und bei verschiedenen Stauungen im K\u00f6rper, wie z.B. Lymphstau, Regelschmerzen oder Pfortaderstau. Ich erl\u00e4utere die Wirkungsweise, Risiken, Nebenwirkungen und gehe auch auf die Kontaindikationen ein. Es ist auch eine praktische Demonstration geplant (ohne Gew\u00e4hr)!<\/span><\/p>\n<p><span style=\"font-family: Arial,sans-serif;\"><em>(Derzeit sind keine Termine geplant. Bei Interesse melden Sie sich gerne bei mir)<\/em><\/span><\/p>\n<p><span style=\"color: #800080;\"><strong>\u201eAllergien und Hauterkrankungen\u201c<\/strong><\/span><\/p>\n<p>Allergien und Hauterkrankungen nehmen immer weiter zu und k\u00f6nnen zu einem<br \/>\nstarken Leidensdruck bei den Betroffenen f\u00fchren. Auch hier gilt es, wie f\u00fcr<br \/>\nalle chronischen Erkrankungen, die Ursache zu finden und zu behandeln. In<br \/>\ndiesem Vortrag erl\u00e4utere ich die Behandlungskonzepte in<br \/>\nder naturheilkundlichen Therapie und die h\u00e4ufigsten Ursachen, die zur<br \/>\nErkrankung gef\u00fchrt haben k\u00f6nnen. Im Mittelpunkt des Vortrags stehen<br \/>\nSymptome wie Heuschnupfen, Tierhaarallergien etc.,<br \/>\nNahrungsmittelunvertr\u00e4glichkeiten, Asthma, Neurodermitis, Schuppenflechte<br \/>\nund andere Hauterkrankungen. Die Behandlung dieser Erkrankungen geh\u00f6ren<br \/>\nseit \u00fcber 15 Jahren zu meinem Spezialgebiet und gerade hier bietet z.B. die<br \/>\nBioresonanz umfangreiche M\u00f6glichkeiten. Die Funktionsweise der  Diagnostik und Therapie mit dem Bioresonanzger\u00e4t werde ich am Ende  erkl\u00e4ren und auch praktisch demonstrieren.<\/p>\n<p><em>Bisher ist f\u00fcr 2017 noch kein Termin geplant<\/em><strong>. Wenn Sie n\u00e4here Informationen zu den naturheilkundlichen Behandlungsm\u00f6glichkeiten w\u00fcnschen, k\u00f6nnen Sie mich gerne anrufen!<\/strong><\/p>\n<p><strong><br \/>\n<\/strong><\/p>\n<p><strong><span style=\"color: #ff0000;\"> <\/span><\/strong><\/p>\n<p><strong>\u201eDiabetes naturheilkundlich begleitend behandeln\u201c<\/strong><\/p>\n<p>Gerade der Diabetes Typ 2 nimmt immer mehr zu. Die gro\u00dfen Gefahren bei dieser Stoffwechselerkrankung sind die Folgesch\u00e4den an den Augen, den Nerven, den Nieren und am Herz-Kreislaufsystem. Dem gilt es m\u00f6glichst vorzubeugen durch Optimierung der entsprechenden Laborwerte. Vielen Betroffene wissen schon, dass Sport und Ern\u00e4hrung eine wichtige Rolle spielen. Dies soll an diesem Abend jedoch nicht Inhalt des Vortrags sein. Es geht hier eher um zus\u00e4tzliche naturheilkundliche M\u00f6glichkeiten (z.B. aus der  Pflanzenheilkunde), den Blutzucker, die Cholesterinwerte etc. zu  senken. Ich berichte hierzu \u00fcber meine umfangreichen Praxiserfahrungen.<\/p>\n<p><strong>Derzeit ist kein Vortrag zu diesem Thema geplant. Wenn Sie n\u00e4here Informationen zu den naturheilkundlichen Behandlungsm\u00f6glichkeiten w\u00fcnschen, k\u00f6nnen Sie mich gerne anrufen!<br \/>\n<\/strong><\/p>\n<p><strong>\u201eChronisch entz\u00fcndliche Darmerkrankungen\u201c<\/strong><\/p>\n<p>Erkrankungen wie Morbus Crohn und Colitis Ulcerosa betreffen oft schon sehr junge Menschen und nehmen immer weiter zu. Nicht nur die Krankheit selbst, sondern auch einige Begleiterkrankungen k\u00f6nnen umfangreiche Beschwerden mit sich bringen. Neben der schulmedizinischen Therapie gibt es umfangreiche naturheilkundliche M\u00f6glichkeiten, diese Erkrankungen begleitend zu behandeln. Die Zusammenh\u00e4nge mit dem Immunsystems des Darms und der Darmflora, die Ursachen aus naturheilkundlicher Sicht und die naturheilkundlichen Behandlungsm\u00f6glichkeiten werde ich in diesem Vortrag verst\u00e4ndlich erkl\u00e4ren und von meinen positiven Erfahrungen berichten.<\/p>\n<p><strong>F\u00fcr das Jahr 2016 ist derzeit kein Termin geplant. <span style=\"color: #ff0000;\">Ich empfehle den Betroffenen den Vortrag &#8222;Darm: H\u00fcter der Gesundheit<\/span><span style=\"color: #ff0000;\">&#8222;<\/span> im Herbst\u00a0 an<\/strong><strong> den o.g. Volkshochschulen<br \/>\n<\/strong><\/p>\n<p><strong>Dieser Vortrag beinhaltet die Ursachen und naturheilkundliche Behandlung bei chronisch entz\u00fcndlichen Darmerkrankungen.<\/strong><\/p>\n","protected":false},"excerpt":{"rendered":"<p>Im Fr\u00fchjahrssemester 2017 halte ich wieder Vortr\u00e4ge an mehreren Volkshochschulen ! Die Themen und Termine dazu sind im Folgenden aufgelistet: \u201eDarm: H\u00fcter der Gesundheit\u201c Der Darm hat oft die Schl\u00fcsselposition bei der Entstehung von chronischen Erkrankungen. Somit ist die Behandlung &hellip; <a href=\"https:\/\/praxis-neumann.net\/?page_id=382\">Weiterlesen <span class=\"meta-nav\">&rarr;<\/span><\/a><\/p>\n","protected":false},"author":2,"featured_media":0,"parent":335,"menu_order":2,"comment_status":"closed","ping_status":"closed","template":"","meta":{"footnotes":""},"class_list":["post-382","page","type-page","status-publish","hentry"],"_links":{"self":[{"href":"https:\/\/praxis-neumann.net\/index.php?rest_route=\/wp\/v2\/pages\/382","targetHints":{"allow":["GET"]}}],"collection":[{"href":"https:\/\/praxis-neumann.net\/index.php?rest_route=\/wp\/v2\/pages"}],"about":[{"href":"https:\/\/praxis-neumann.net\/index.php?rest_route=\/wp\/v2\/types\/page"}],"author":[{"embeddable":true,"href":"https:\/\/praxis-neumann.net\/index.php?rest_route=\/wp\/v2\/users\/2"}],"replies":[{"embeddable":true,"href":"https:\/\/praxis-neumann.net\/index.php?rest_route=%2Fwp%2Fv2%2Fcomments&post=382"}],"version-history":[{"count":42,"href":"https:\/\/praxis-neumann.net\/index.php?rest_route=\/wp\/v2\/pages\/382\/revisions"}],"predecessor-version":[{"id":385,"href":"https:\/\/praxis-neumann.net\/index.php?rest_route=\/wp\/v2\/pages\/382\/revisions\/385"}],"up":[{"embeddable":true,"href":"https:\/\/praxis-neumann.net\/index.php?rest_route=\/wp\/v2\/pages\/335"}],"wp:attachment":[{"href":"https:\/\/praxis-neumann.net\/index.php?rest_route=%2Fwp%2Fv2%2Fmedia&parent=382"}],"curies":[{"name":"wp","href":"https:\/\/api.w.org\/{rel}","templated":true}]}}